{"id":1258,"date":"2021-04-09T14:14:55","date_gmt":"2021-04-09T12:14:55","guid":{"rendered":"https:\/\/cabanasse.900k.fr\/?post_type=lsvr_listing&#038;p=1258"},"modified":"2021-04-28T20:25:43","modified_gmt":"2021-04-28T18:25:43","slug":"hotel-le-catalan","status":"publish","type":"lsvr_listing","link":"https:\/\/lacabanasse.fr\/es\/annuaire\/hotel-le-catalan\/","title":{"rendered":"HOTEL-RESTAURANTE Le Catalan"},"content":{"rendered":"<p>Cerca de Les Angles y Font-Romeu, el hotel Le Catalan, situado a una altitud de 1580m en los Pirineos Orientales, le da la bienvenida en verano e invierno en un entorno muy agradable, bordeado por llanuras y monta\u00f1as para el m\u00e1ximo ocio y actividades como senderismo, raquetas de nieve. , Esqu\u00ed n\u00f3rdico, esqu\u00ed alpino, etc.<\/p>","protected":false},"excerpt":{"rendered":"<p>Cerca de Les Angles y Font-Romeu, el hotel Le Catalan, situado a una altitud de 1580m en los Pirineos Orientales, le da la bienvenida en verano e invierno en un entorno muy agradable, bordeado por llanuras y monta\u00f1as para el m\u00e1ximo ocio y actividades como senderismo, raquetas de nieve. , Esqu\u00ed n\u00f3rdico, esqu\u00ed alpino, etc.<\/p>","protected":false},"author":2,"featured_media":3241,"template":"","meta":{"_eb_attr":"","_uag_custom_page_level_css":"","_monsterinsights_skip_tracking":false,"_monsterinsights_sitenote_active":false,"_monsterinsights_sitenote_note":"","_monsterinsights_sitenote_category":0,"footnotes":""},"lsvr_listing_cat":[331,332],"lsvr_listing_tag":[],"class_list":["post-1258","lsvr_listing","type-lsvr_listing","status-publish","has-post-thumbnail","hentry","lsvr_listing_cat-hebergements","lsvr_listing_cat-restaurations"],"yoast_head":"<!-- This site is optimized with the Yoast SEO plugin v26.2 - https:\/\/yoast.com\/wordpress\/plugins\/seo\/ -->\n<title>H\u00d4TEL-RESTAURANT Le Catalan - Mairie La Cabanasse<\/title>\n<meta name=\"robots\" content=\"index, follow, max-snippet:-1, max-image-preview:large, max-video-preview:-1\" \/>\n<link rel=\"canonical\" href=\"https:\/\/lacabanasse.fr\/es\/annuaire\/hotel-le-catalan\/\" \/>\n<meta property=\"og:locale\" content=\"es_ES\" \/>\n<meta property=\"og:type\" content=\"article\" \/>\n<meta property=\"og:title\" content=\"H\u00d4TEL-RESTAURANT Le Catalan - Mairie La Cabanasse\" \/>\n<meta property=\"og:description\" content=\"A proximit\u00e9 des Angles et de Font-Romeu, l&rsquo;h\u00f4tel Le Catalan, situ\u00e9 \u00e0 1580m d&rsquo;altitude dans les&nbsp;Pyr\u00e9n\u00e9es Orientales, vous re\u00e7oit&nbsp;\u00e9t\u00e9&nbsp;comme&nbsp;hiver&nbsp;dans un cadre tr\u00e8s agr\u00e9able, bord\u00e9 de plaines et de montagnes pour un maximum de loisirs et d&rsquo;activit\u00e9s tels que&nbsp;la randonn\u00e9e, les balades en raquettes, le ski nordique, le ski alpin, etc&#8230;\" \/>\n<meta property=\"og:url\" content=\"https:\/\/lacabanasse.fr\/es\/annuaire\/hotel-le-catalan\/\" \/>\n<meta property=\"og:site_name\" content=\"Mairie La Cabanasse\" \/>\n<meta property=\"article:publisher\" content=\"https:\/\/www.facebook.com\/lacabanasse66210\/\" \/>\n<meta property=\"article:modified_time\" content=\"2021-04-28T18:25:43+00:00\" \/>\n<meta property=\"og:image\" content=\"https:\/\/lacabanasse.fr\/wp-content\/uploads\/2021\/04\/Le-Catalan-1-e1619633251483.png\" \/>\n\t<meta property=\"og:image:width\" content=\"180\" \/>\n\t<meta property=\"og:image:height\" content=\"90\" \/>\n\t<meta property=\"og:image:type\" content=\"image\/png\" \/>\n<meta name=\"twitter:card\" content=\"summary_large_image\" \/>\n<script type=\"application\/ld+json\" class=\"yoast-schema-graph\">{\"@context\":\"https:\/\/schema.org\",\"@graph\":[{\"@type\":\"WebPage\",\"@id\":\"https:\/\/lacabanasse.fr\/annuaire\/hotel-le-catalan\/\",\"url\":\"https:\/\/lacabanasse.fr\/annuaire\/hotel-le-catalan\/\",\"name\":\"H\u00d4TEL-RESTAURANT Le Catalan - Mairie La Cabanasse\",\"isPartOf\":{\"@id\":\"https:\/\/lacabanasse.fr\/#website\"},\"primaryImageOfPage\":{\"@id\":\"https:\/\/lacabanasse.fr\/annuaire\/hotel-le-catalan\/#primaryimage\"},\"image\":{\"@id\":\"https:\/\/lacabanasse.fr\/annuaire\/hotel-le-catalan\/#primaryimage\"},\"thumbnailUrl\":\"https:\/\/lacabanasse.fr\/wp-content\/uploads\/2021\/04\/Le-Catalan-1-e1619633251483.png\",\"datePublished\":\"2021-04-09T12:14:55+00:00\",\"dateModified\":\"2021-04-28T18:25:43+00:00\",\"breadcrumb\":{\"@id\":\"https:\/\/lacabanasse.fr\/annuaire\/hotel-le-catalan\/#breadcrumb\"},\"inLanguage\":\"es-ES\",\"potentialAction\":[{\"@type\":\"ReadAction\",\"target\":[\"https:\/\/lacabanasse.fr\/annuaire\/hotel-le-catalan\/\"]}]},{\"@type\":\"ImageObject\",\"inLanguage\":\"es-ES\",\"@id\":\"https:\/\/lacabanasse.fr\/annuaire\/hotel-le-catalan\/#primaryimage\",\"url\":\"https:\/\/lacabanasse.fr\/wp-content\/uploads\/2021\/04\/Le-Catalan-1-e1619633251483.png\",\"contentUrl\":\"https:\/\/lacabanasse.fr\/wp-content\/uploads\/2021\/04\/Le-Catalan-1-e1619633251483.png\",\"width\":180,\"height\":90},{\"@type\":\"BreadcrumbList\",\"@id\":\"https:\/\/lacabanasse.fr\/annuaire\/hotel-le-catalan\/#breadcrumb\",\"itemListElement\":[{\"@type\":\"ListItem\",\"position\":1,\"name\":\"Accueil\",\"item\":\"https:\/\/lacabanasse.fr\/\"},{\"@type\":\"ListItem\",\"position\":2,\"name\":\"Directory\",\"item\":\"https:\/\/lacabanasse.fr\/annuaire\/\"},{\"@type\":\"ListItem\",\"position\":3,\"name\":\"H\u00d4TEL-RESTAURANT Le Catalan\"}]},{\"@type\":\"WebSite\",\"@id\":\"https:\/\/lacabanasse.fr\/#website\",\"url\":\"https:\/\/lacabanasse.fr\/\",\"name\":\"Mairie de la Cabanasse\",\"description\":\"Site officiel  de la Mairie de La Cabanasse dans les Pyr\u00e9n\u00e9es Orientales\",\"publisher\":{\"@id\":\"https:\/\/lacabanasse.fr\/#organization\"},\"potentialAction\":[{\"@type\":\"SearchAction\",\"target\":{\"@type\":\"EntryPoint\",\"urlTemplate\":\"https:\/\/lacabanasse.fr\/?s={search_term_string}\"},\"query-input\":{\"@type\":\"PropertyValueSpecification\",\"valueRequired\":true,\"valueName\":\"search_term_string\"}}],\"inLanguage\":\"es-ES\"},{\"@type\":\"Organization\",\"@id\":\"https:\/\/lacabanasse.fr\/#organization\",\"name\":\"Mairie de la Cabanasse\",\"url\":\"https:\/\/lacabanasse.fr\/\",\"logo\":{\"@type\":\"ImageObject\",\"inLanguage\":\"es-ES\",\"@id\":\"https:\/\/lacabanasse.fr\/#\/schema\/logo\/image\/\",\"url\":\"https:\/\/lacabanasse.fr\/wp-content\/uploads\/2021\/03\/cropped-favicon-la-cabanasse.jpg\",\"contentUrl\":\"https:\/\/lacabanasse.fr\/wp-content\/uploads\/2021\/03\/cropped-favicon-la-cabanasse.jpg\",\"width\":512,\"height\":512,\"caption\":\"Mairie de la Cabanasse\"},\"image\":{\"@id\":\"https:\/\/lacabanasse.fr\/#\/schema\/logo\/image\/\"},\"sameAs\":[\"https:\/\/www.facebook.com\/lacabanasse66210\/\"]}]}<\/script>\n<!-- \/ Yoast SEO plugin. -->","yoast_head_json":{"title":"Hotel-Restaurante Le Catalan - Ayuntamiento de La Cabanasse","robots":{"index":"index","follow":"follow","max-snippet":"max-snippet:-1","max-image-preview":"max-image-preview:large","max-video-preview":"max-video-preview:-1"},"canonical":"https:\/\/lacabanasse.fr\/es\/annuaire\/hotel-le-catalan\/","og_locale":"es_ES","og_type":"article","og_title":"H\u00d4TEL-RESTAURANT Le Catalan - Mairie La Cabanasse","og_description":"A proximit\u00e9 des Angles et de Font-Romeu, l&rsquo;h\u00f4tel Le Catalan, situ\u00e9 \u00e0 1580m d&rsquo;altitude dans les&nbsp;Pyr\u00e9n\u00e9es Orientales, vous re\u00e7oit&nbsp;\u00e9t\u00e9&nbsp;comme&nbsp;hiver&nbsp;dans un cadre tr\u00e8s agr\u00e9able, bord\u00e9 de plaines et de montagnes pour un maximum de loisirs et d&rsquo;activit\u00e9s tels que&nbsp;la randonn\u00e9e, les balades en raquettes, le ski nordique, le ski alpin, etc&#8230;","og_url":"https:\/\/lacabanasse.fr\/es\/annuaire\/hotel-le-catalan\/","og_site_name":"Mairie La Cabanasse","article_publisher":"https:\/\/www.facebook.com\/lacabanasse66210\/","article_modified_time":"2021-04-28T18:25:43+00:00","og_image":[{"width":180,"height":90,"url":"https:\/\/lacabanasse.fr\/wp-content\/uploads\/2021\/04\/Le-Catalan-1-e1619633251483.png","type":"image\/png"}],"twitter_card":"summary_large_image","schema":{"@context":"https:\/\/schema.org","@graph":[{"@type":"WebPage","@id":"https:\/\/lacabanasse.fr\/annuaire\/hotel-le-catalan\/","url":"https:\/\/lacabanasse.fr\/annuaire\/hotel-le-catalan\/","name":"Hotel-Restaurante Le Catalan - Ayuntamiento de La Cabanasse","isPartOf":{"@id":"https:\/\/lacabanasse.fr\/#website"},"primaryImageOfPage":{"@id":"https:\/\/lacabanasse.fr\/annuaire\/hotel-le-catalan\/#primaryimage"},"image":{"@id":"https:\/\/lacabanasse.fr\/annuaire\/hotel-le-catalan\/#primaryimage"},"thumbnailUrl":"https:\/\/lacabanasse.fr\/wp-content\/uploads\/2021\/04\/Le-Catalan-1-e1619633251483.png","datePublished":"2021-04-09T12:14:55+00:00","dateModified":"2021-04-28T18:25:43+00:00","breadcrumb":{"@id":"https:\/\/lacabanasse.fr\/annuaire\/hotel-le-catalan\/#breadcrumb"},"inLanguage":"es-ES","potentialAction":[{"@type":"ReadAction","target":["https:\/\/lacabanasse.fr\/annuaire\/hotel-le-catalan\/"]}]},{"@type":"ImageObject","inLanguage":"es-ES","@id":"https:\/\/lacabanasse.fr\/annuaire\/hotel-le-catalan\/#primaryimage","url":"https:\/\/lacabanasse.fr\/wp-content\/uploads\/2021\/04\/Le-Catalan-1-e1619633251483.png","contentUrl":"https:\/\/lacabanasse.fr\/wp-content\/uploads\/2021\/04\/Le-Catalan-1-e1619633251483.png","width":180,"height":90},{"@type":"BreadcrumbList","@id":"https:\/\/lacabanasse.fr\/annuaire\/hotel-le-catalan\/#breadcrumb","itemListElement":[{"@type":"ListItem","position":1,"name":"Accueil","item":"https:\/\/lacabanasse.fr\/"},{"@type":"ListItem","position":2,"name":"Directory","item":"https:\/\/lacabanasse.fr\/annuaire\/"},{"@type":"ListItem","position":3,"name":"H\u00d4TEL-RESTAURANT Le Catalan"}]},{"@type":"WebSite","@id":"https:\/\/lacabanasse.fr\/#website","url":"https:\/\/lacabanasse.fr\/","name":"Ayuntamiento de Cabanasse","description":"Sitio web oficial del Ayuntamiento de La Cabanasse en los Pirineos Orientales","publisher":{"@id":"https:\/\/lacabanasse.fr\/#organization"},"potentialAction":[{"@type":"SearchAction","target":{"@type":"EntryPoint","urlTemplate":"https:\/\/lacabanasse.fr\/?s={search_term_string}"},"query-input":{"@type":"PropertyValueSpecification","valueRequired":true,"valueName":"search_term_string"}}],"inLanguage":"es-ES"},{"@type":"Organization","@id":"https:\/\/lacabanasse.fr\/#organization","name":"Ayuntamiento de Cabanasse","url":"https:\/\/lacabanasse.fr\/","logo":{"@type":"ImageObject","inLanguage":"es-ES","@id":"https:\/\/lacabanasse.fr\/#\/schema\/logo\/image\/","url":"https:\/\/lacabanasse.fr\/wp-content\/uploads\/2021\/03\/cropped-favicon-la-cabanasse.jpg","contentUrl":"https:\/\/lacabanasse.fr\/wp-content\/uploads\/2021\/03\/cropped-favicon-la-cabanasse.jpg","width":512,"height":512,"caption":"Mairie de la Cabanasse"},"image":{"@id":"https:\/\/lacabanasse.fr\/#\/schema\/logo\/image\/"},"sameAs":["https:\/\/www.facebook.com\/lacabanasse66210\/"]}]}},"uagb_featured_image_src":{"full":["https:\/\/lacabanasse.fr\/wp-content\/uploads\/2021\/04\/Le-Catalan-1-e1619633251483.png",180,90,false],"thumbnail":["https:\/\/lacabanasse.fr\/wp-content\/uploads\/2021\/04\/Le-Catalan-1-e1619633251483-150x90.png",150,90,true],"medium":["https:\/\/lacabanasse.fr\/wp-content\/uploads\/2021\/04\/Le-Catalan-1-e1619633251483.png",180,90,false],"medium_large":["https:\/\/lacabanasse.fr\/wp-content\/uploads\/2021\/04\/Le-Catalan-1-e1619633251483.png",180,90,false],"large":["https:\/\/lacabanasse.fr\/wp-content\/uploads\/2021\/04\/Le-Catalan-1-e1619633251483.png",180,90,false],"gs-tiny":["https:\/\/lacabanasse.fr\/wp-content\/uploads\/2021\/04\/Le-Catalan-1-e1619633251483.png",50,25,false],"xl":["https:\/\/lacabanasse.fr\/wp-content\/uploads\/2021\/04\/Le-Catalan-1-e1619633251483.png",180,90,false],"xxl":["https:\/\/lacabanasse.fr\/wp-content\/uploads\/2021\/04\/Le-Catalan-1-e1619633251483.png",180,90,false],"xxxl":["https:\/\/lacabanasse.fr\/wp-content\/uploads\/2021\/04\/Le-Catalan-1-e1619633251483.png",180,90,false],"xxxxl":["https:\/\/lacabanasse.fr\/wp-content\/uploads\/2021\/04\/Le-Catalan-1-e1619633251483.png",180,90,false],"xxxxxl":["https:\/\/lacabanasse.fr\/wp-content\/uploads\/2021\/04\/Le-Catalan-1-e1619633251483.png",180,90,false],"1536x1536":["https:\/\/lacabanasse.fr\/wp-content\/uploads\/2021\/04\/Le-Catalan-1-e1619633251483.png",180,90,false],"2048x2048":["https:\/\/lacabanasse.fr\/wp-content\/uploads\/2021\/04\/Le-Catalan-1-e1619633251483.png",180,90,false],"trp-custom-language-flag":["https:\/\/lacabanasse.fr\/wp-content\/uploads\/2021\/04\/Le-Catalan-1-e1619633251483-16x8.png",16,8,true],"sow-carousel-default":["https:\/\/lacabanasse.fr\/wp-content\/uploads\/2021\/04\/Le-Catalan-1-e1619633251483.png",180,90,false]},"uagb_author_info":{"display_name":"Amandine","author_link":"https:\/\/lacabanasse.fr\/es\/author\/amandine\/"},"uagb_comment_info":0,"uagb_excerpt":"A proximit\u00e9 des Angles et de Font-Romeu, l&rsquo;h\u00f4tel Le Catalan, situ\u00e9 \u00e0 1580m d&rsquo;altitude dans les&nbsp;Pyr\u00e9n\u00e9es Orientales, vous re\u00e7oit&nbsp;\u00e9t\u00e9&nbsp;comme&nbsp;hiver&nbsp;dans un cadre tr\u00e8s agr\u00e9able, bord\u00e9 de plaines et de montagnes pour un maximum de loisirs et d&rsquo;activit\u00e9s tels que&nbsp;la randonn\u00e9e, les balades en raquettes, le ski nordique, le ski alpin, etc&#8230;","_links":{"self":[{"href":"https:\/\/lacabanasse.fr\/es\/wp-json\/wp\/v2\/lsvr_listing\/1258","targetHints":{"allow":["GET"]}}],"collection":[{"href":"https:\/\/lacabanasse.fr\/es\/wp-json\/wp\/v2\/lsvr_listing"}],"about":[{"href":"https:\/\/lacabanasse.fr\/es\/wp-json\/wp\/v2\/types\/lsvr_listing"}],"author":[{"embeddable":true,"href":"https:\/\/lacabanasse.fr\/es\/wp-json\/wp\/v2\/users\/2"}],"version-history":[{"count":3,"href":"https:\/\/lacabanasse.fr\/es\/wp-json\/wp\/v2\/lsvr_listing\/1258\/revisions"}],"predecessor-version":[{"id":3091,"href":"https:\/\/lacabanasse.fr\/es\/wp-json\/wp\/v2\/lsvr_listing\/1258\/revisions\/3091"}],"wp:featuredmedia":[{"embeddable":true,"href":"https:\/\/lacabanasse.fr\/es\/wp-json\/wp\/v2\/media\/3241"}],"wp:attachment":[{"href":"https:\/\/lacabanasse.fr\/es\/wp-json\/wp\/v2\/media?parent=1258"}],"wp:term":[{"taxonomy":"lsvr_listing_cat","embeddable":true,"href":"https:\/\/lacabanasse.fr\/es\/wp-json\/wp\/v2\/lsvr_listing_cat?post=1258"},{"taxonomy":"lsvr_listing_tag","embeddable":true,"href":"https:\/\/lacabanasse.fr\/es\/wp-json\/wp\/v2\/lsvr_listing_tag?post=1258"}],"curies":[{"name":"gracias","href":"https:\/\/api.w.org\/{rel}","templated":true}]}}