{"id":639,"date":"2021-02-11T12:23:27","date_gmt":"2021-02-11T11:23:27","guid":{"rendered":"https:\/\/cabanasse.900k.fr\/?page_id=639"},"modified":"2021-05-21T14:16:02","modified_gmt":"2021-05-21T12:16:02","slug":"leglise","status":"publish","type":"page","link":"https:\/\/lacabanasse.fr\/es\/vivre-a-la-cabanasse\/leglise\/","title":{"rendered":"La Iglesia"},"content":{"rendered":"<div class=\"wp-block-group black-cabanasse\"><div class=\"wp-block-group__inner-container is-layout-flow wp-block-group-is-layout-flow\">\n<p>El edificio principal de La Cabanasse es la iglesia parroquial. Llamada Iglesia de la Asunci\u00f3n.&nbsp;<\/p>\n\n\n\n<p>Data del siglo XIX. <\/p>\n\n\n\n<p>Ella contiene: <\/p>\n\n\n\n<ul class=\"wp-block-list\"><li>una Virgen y un Ni\u00f1o de 1557. <\/li><li>seis estatuas de santos del siglo XVII.<\/li><\/ul>\n\n\n\n<p>En 1807 la iglesia de La Perche no era m\u00e1s que ruinas. Entonces La Perche se uni\u00f3 con el municipio de Cabanasse. Los escombros de la antigua iglesia de La Perche contribuyeron a la construcci\u00f3n de la iglesia de La Cabanasse. Fue construido en 1876, terminado en 1897 y renovado en 2019.\u00a0<strong>La Iglesia de la Asunci\u00f3n\u00a0<\/strong>data del siglo XIX. Como muestra su arquitectura. ND des Voyageurs de la Iglesia de Santa Mar\u00eda y San Juan que estaba en el Col de la Perche, encuentra su lugar all\u00ed. Data del siglo XV o XVII seg\u00fan el estilo. En 2004 se estableci\u00f3 la primera peregrinaci\u00f3n de Notre Dame de la Perche.<\/p>\n\n\n<div\n\t\t\t\n\t\t\tclass=\"so-widget-sow-button so-widget-sow-button-atom-2f1331c2914b\"\n\t\t\t\n\t\t><div class=\"ow-button-base ow-button-align-left\"\n>\n\t\t\t<a\n\t\t\t\t\thref=\"https:\/\/paroissefontromeu.wordpress.com\/horaires\/\"\n\t\t\t\t\tclass=\"sowb-button ow-icon-placement-left ow-button-hover\" target=\"_blank\" rel=\"noopener noreferrer\" \t>\n\t\t<span>\n\t\t\t<span class=\"sow-icon-fontawesome sow-far\" data-sow-icon=\"&#xf14d;\"\n\t\tstyle=\"color: #000000\" \n\t\taria-hidden=\"true\"><\/span>\n\t\t\tHorarios de misa\t\t<\/span>\n\t\t\t<\/a>\n\t<\/div>\n<\/div><\/div><\/div>\n\n\n\n<div class=\"wp-block-group alignwide\"><div class=\"wp-block-group__inner-container is-layout-flow wp-block-group-is-layout-flow\">\n<div class=\"wp-block-media-text alignwide is-stacked-on-mobile is-vertically-aligned-center black-cabanasse\"><figure class=\"wp-block-media-text__media\"><img loading=\"lazy\" decoding=\"async\" width=\"1024\" height=\"768\" src=\"https:\/\/lacabanasse.fr\/wp-content\/uploads\/2021\/03\/Eglise-2-1024x768.jpg\" alt=\"L'\u00e9glise-La Cabanasse-Vue de l'\u00e9glise-village-ext\u00e9rieur-\u00e9glise de l'assomption\" class=\"wp-image-1150 size-full\" srcset=\"https:\/\/lacabanasse.fr\/wp-content\/uploads\/2021\/03\/Eglise-2-1024x768.jpg 1024w, https:\/\/lacabanasse.fr\/wp-content\/uploads\/2021\/03\/Eglise-2-300x225.jpg 300w, https:\/\/lacabanasse.fr\/wp-content\/uploads\/2021\/03\/Eglise-2-768x576.jpg 768w, https:\/\/lacabanasse.fr\/wp-content\/uploads\/2021\/03\/Eglise-2-1536x1152.jpg 1536w, https:\/\/lacabanasse.fr\/wp-content\/uploads\/2021\/03\/Eglise-2-16x12.jpg 16w, https:\/\/lacabanasse.fr\/wp-content\/uploads\/2021\/03\/Eglise-2.jpg 1600w\" sizes=\"auto, (max-width: 1024px) 100vw, 1024px\" \/><\/figure><div class=\"wp-block-media-text__content\">\n<p><strong>La di\u00f3cesis de Perpignan-Elne<\/strong>&nbsp;se divide en 23 comunidades parroquiales. <\/p>\n\n\n\n<p>La comunidad de parroquias de Notre-Dame de Font-Romeu agrupa a 25 parroquias en 4 sectores.<\/p>\n\n\n\n<p><strong>La Soulane:<\/strong>\u00a0Ur; Angoustrine-Villeneuve des Escaldes; Dorres.<\/p>\n\n\n\n<p><strong>Alta Cerda\u00f1a:<\/strong>\u00a0Targasonne; Egat; Font-Romeu Odeillo-Via; Bolqu\u00e8re.<\/p>\n\n\n\n<p><strong>Haut-Conflent:<\/strong>\u00a0Eyne; La Cabanasse; Mont-Louis; La Llagone; Sauto-Fetges; Saint-Pierre-dels-Forcats; Aviones.<\/p>\n\n\n\n<p><strong>El Capcir:<\/strong>\u00a0Les Angles, Matemale; Formigu\u00e8res; Fontrabiouse-Espousouille; Puyvalador-Rieutort; Verdadero.\u00a0<\/p>\n<\/div><\/div>\n<\/div><\/div>","protected":false},"excerpt":{"rendered":"<p>El edificio principal de La Cabanasse es la iglesia parroquial. Llamada la Iglesia de la Asunci\u00f3n. Data del siglo XIX. Contiene: una Virgen con el Ni\u00f1o de 1557. Seis estatuas de santos del siglo XVII. En 1807 la iglesia de La Perche no era m\u00e1s que ruinas. Entonces La Perche se uni\u00f3 con el municipio de Cabanasse. El [\u2026]<\/p>","protected":false},"author":1,"featured_media":0,"parent":551,"menu_order":0,"comment_status":"closed","ping_status":"closed","template":"page-templates\/not-boxed.php","meta":{"_eb_attr":"","_uag_custom_page_level_css":"","_monsterinsights_skip_tracking":false,"_monsterinsights_sitenote_active":false,"_monsterinsights_sitenote_note":"","_monsterinsights_sitenote_category":0,"footnotes":""},"class_list":["post-639","page","type-page","status-publish","hentry"],"yoast_head":"<!-- This site is optimized with the Yoast SEO plugin v26.2 - https:\/\/yoast.com\/wordpress\/plugins\/seo\/ -->\n<title>L&#039;Eglise - Mairie La Cabanasse - L&#039;Eglise de l&#039;Assomption - Mairie La Cabanasse<\/title>\n<meta name=\"description\" content=\"L&#039;\u00e9glise paroissiale, dite \u00e9glise de l&#039;Assomption. Elle contient une Vierge \u00e0 l&#039;Enfant de 1557 et six statues de Saints XVIIe si\u00e8cle.\" \/>\n<meta name=\"robots\" content=\"index, follow, max-snippet:-1, max-image-preview:large, max-video-preview:-1\" \/>\n<link rel=\"canonical\" href=\"https:\/\/lacabanasse.fr\/es\/vivre-a-la-cabanasse\/leglise\/\" \/>\n<meta property=\"og:locale\" content=\"es_ES\" \/>\n<meta property=\"og:type\" content=\"article\" \/>\n<meta property=\"og:title\" content=\"L&#039;Eglise - Mairie La Cabanasse - L&#039;Eglise de l&#039;Assomption - Mairie La Cabanasse\" \/>\n<meta property=\"og:description\" content=\"L&#039;\u00e9glise paroissiale, dite \u00e9glise de l&#039;Assomption. Elle contient une Vierge \u00e0 l&#039;Enfant de 1557 et six statues de Saints XVIIe si\u00e8cle.\" \/>\n<meta property=\"og:url\" content=\"https:\/\/lacabanasse.fr\/es\/vivre-a-la-cabanasse\/leglise\/\" \/>\n<meta property=\"og:site_name\" content=\"Mairie La Cabanasse\" \/>\n<meta property=\"article:publisher\" content=\"https:\/\/www.facebook.com\/lacabanasse66210\/\" \/>\n<meta property=\"article:modified_time\" content=\"2021-05-21T12:16:02+00:00\" \/>\n<meta property=\"og:image\" content=\"https:\/\/lacabanasse.fr\/wp-content\/uploads\/2021\/03\/Eglise-2-1024x768.jpg\" \/>\n<meta name=\"twitter:card\" content=\"summary_large_image\" \/>\n<meta name=\"twitter:label1\" content=\"Est. reading time\" \/>\n\t<meta name=\"twitter:data1\" content=\"2 minutes\" \/>\n<script type=\"application\/ld+json\" class=\"yoast-schema-graph\">{\"@context\":\"https:\/\/schema.org\",\"@graph\":[{\"@type\":\"WebPage\",\"@id\":\"https:\/\/lacabanasse.fr\/vivre-a-la-cabanasse\/leglise\/\",\"url\":\"https:\/\/lacabanasse.fr\/vivre-a-la-cabanasse\/leglise\/\",\"name\":\"L'Eglise - Mairie La Cabanasse - L'Eglise de l'Assomption - Mairie La Cabanasse\",\"isPartOf\":{\"@id\":\"https:\/\/lacabanasse.fr\/#website\"},\"primaryImageOfPage\":{\"@id\":\"https:\/\/lacabanasse.fr\/vivre-a-la-cabanasse\/leglise\/#primaryimage\"},\"image\":{\"@id\":\"https:\/\/lacabanasse.fr\/vivre-a-la-cabanasse\/leglise\/#primaryimage\"},\"thumbnailUrl\":\"https:\/\/lacabanasse.fr\/wp-content\/uploads\/2021\/03\/Eglise-2-1024x768.jpg\",\"datePublished\":\"2021-02-11T11:23:27+00:00\",\"dateModified\":\"2021-05-21T12:16:02+00:00\",\"description\":\"L'\u00e9glise paroissiale, dite \u00e9glise de l'Assomption. Elle contient une Vierge \u00e0 l'Enfant de 1557 et six statues de Saints XVIIe si\u00e8cle.\",\"breadcrumb\":{\"@id\":\"https:\/\/lacabanasse.fr\/vivre-a-la-cabanasse\/leglise\/#breadcrumb\"},\"inLanguage\":\"es-ES\",\"potentialAction\":[{\"@type\":\"ReadAction\",\"target\":[\"https:\/\/lacabanasse.fr\/vivre-a-la-cabanasse\/leglise\/\"]}]},{\"@type\":\"ImageObject\",\"inLanguage\":\"es-ES\",\"@id\":\"https:\/\/lacabanasse.fr\/vivre-a-la-cabanasse\/leglise\/#primaryimage\",\"url\":\"https:\/\/lacabanasse.fr\/wp-content\/uploads\/2021\/03\/Eglise-2-1024x768.jpg\",\"contentUrl\":\"https:\/\/lacabanasse.fr\/wp-content\/uploads\/2021\/03\/Eglise-2-1024x768.jpg\"},{\"@type\":\"BreadcrumbList\",\"@id\":\"https:\/\/lacabanasse.fr\/vivre-a-la-cabanasse\/leglise\/#breadcrumb\",\"itemListElement\":[{\"@type\":\"ListItem\",\"position\":1,\"name\":\"Accueil\",\"item\":\"https:\/\/lacabanasse.fr\/\"},{\"@type\":\"ListItem\",\"position\":2,\"name\":\"Vivre \u00e0 la Cabanasse\",\"item\":\"https:\/\/lacabanasse.fr\/vivre-a-la-cabanasse\/\"},{\"@type\":\"ListItem\",\"position\":3,\"name\":\"L&rsquo;Eglise\"}]},{\"@type\":\"WebSite\",\"@id\":\"https:\/\/lacabanasse.fr\/#website\",\"url\":\"https:\/\/lacabanasse.fr\/\",\"name\":\"Mairie de la Cabanasse\",\"description\":\"Site officiel  de la Mairie de La Cabanasse dans les Pyr\u00e9n\u00e9es Orientales\",\"publisher\":{\"@id\":\"https:\/\/lacabanasse.fr\/#organization\"},\"potentialAction\":[{\"@type\":\"SearchAction\",\"target\":{\"@type\":\"EntryPoint\",\"urlTemplate\":\"https:\/\/lacabanasse.fr\/?s={search_term_string}\"},\"query-input\":{\"@type\":\"PropertyValueSpecification\",\"valueRequired\":true,\"valueName\":\"search_term_string\"}}],\"inLanguage\":\"es-ES\"},{\"@type\":\"Organization\",\"@id\":\"https:\/\/lacabanasse.fr\/#organization\",\"name\":\"Mairie de la Cabanasse\",\"url\":\"https:\/\/lacabanasse.fr\/\",\"logo\":{\"@type\":\"ImageObject\",\"inLanguage\":\"es-ES\",\"@id\":\"https:\/\/lacabanasse.fr\/#\/schema\/logo\/image\/\",\"url\":\"https:\/\/lacabanasse.fr\/wp-content\/uploads\/2021\/03\/cropped-favicon-la-cabanasse.jpg\",\"contentUrl\":\"https:\/\/lacabanasse.fr\/wp-content\/uploads\/2021\/03\/cropped-favicon-la-cabanasse.jpg\",\"width\":512,\"height\":512,\"caption\":\"Mairie de la Cabanasse\"},\"image\":{\"@id\":\"https:\/\/lacabanasse.fr\/#\/schema\/logo\/image\/\"},\"sameAs\":[\"https:\/\/www.facebook.com\/lacabanasse66210\/\"]}]}<\/script>\n<!-- \/ Yoast SEO plugin. -->","yoast_head_json":{"title":"La Iglesia - Ayuntamiento de La Cabanasse - La Iglesia de la Asunci\u00f3n - Ayuntamiento de La Cabanasse","description":"La iglesia parroquial, conocida como Iglesia de la Asunci\u00f3n, contiene una Virgen con el Ni\u00f1o de 1557 y seis estatuas de santos del siglo XVII.","robots":{"index":"index","follow":"follow","max-snippet":"max-snippet:-1","max-image-preview":"max-image-preview:large","max-video-preview":"max-video-preview:-1"},"canonical":"https:\/\/lacabanasse.fr\/es\/vivre-a-la-cabanasse\/leglise\/","og_locale":"es_ES","og_type":"article","og_title":"L'Eglise - Mairie La Cabanasse - L'Eglise de l'Assomption - Mairie La Cabanasse","og_description":"L'\u00e9glise paroissiale, dite \u00e9glise de l'Assomption. Elle contient une Vierge \u00e0 l'Enfant de 1557 et six statues de Saints XVIIe si\u00e8cle.","og_url":"https:\/\/lacabanasse.fr\/es\/vivre-a-la-cabanasse\/leglise\/","og_site_name":"Mairie La Cabanasse","article_publisher":"https:\/\/www.facebook.com\/lacabanasse66210\/","article_modified_time":"2021-05-21T12:16:02+00:00","og_image":[{"url":"https:\/\/lacabanasse.fr\/wp-content\/uploads\/2021\/03\/Eglise-2-1024x768.jpg","type":"","width":"","height":""}],"twitter_card":"summary_large_image","twitter_misc":{"Est. reading time":"2 minutes"},"schema":{"@context":"https:\/\/schema.org","@graph":[{"@type":"WebPage","@id":"https:\/\/lacabanasse.fr\/vivre-a-la-cabanasse\/leglise\/","url":"https:\/\/lacabanasse.fr\/vivre-a-la-cabanasse\/leglise\/","name":"La Iglesia - Ayuntamiento de La Cabanasse - La Iglesia de la Asunci\u00f3n - Ayuntamiento de La Cabanasse","isPartOf":{"@id":"https:\/\/lacabanasse.fr\/#website"},"primaryImageOfPage":{"@id":"https:\/\/lacabanasse.fr\/vivre-a-la-cabanasse\/leglise\/#primaryimage"},"image":{"@id":"https:\/\/lacabanasse.fr\/vivre-a-la-cabanasse\/leglise\/#primaryimage"},"thumbnailUrl":"https:\/\/lacabanasse.fr\/wp-content\/uploads\/2021\/03\/Eglise-2-1024x768.jpg","datePublished":"2021-02-11T11:23:27+00:00","dateModified":"2021-05-21T12:16:02+00:00","description":"La iglesia parroquial, conocida como Iglesia de la Asunci\u00f3n, contiene una Virgen con el Ni\u00f1o de 1557 y seis estatuas de santos del siglo XVII.","breadcrumb":{"@id":"https:\/\/lacabanasse.fr\/vivre-a-la-cabanasse\/leglise\/#breadcrumb"},"inLanguage":"es-ES","potentialAction":[{"@type":"ReadAction","target":["https:\/\/lacabanasse.fr\/vivre-a-la-cabanasse\/leglise\/"]}]},{"@type":"ImageObject","inLanguage":"es-ES","@id":"https:\/\/lacabanasse.fr\/vivre-a-la-cabanasse\/leglise\/#primaryimage","url":"https:\/\/lacabanasse.fr\/wp-content\/uploads\/2021\/03\/Eglise-2-1024x768.jpg","contentUrl":"https:\/\/lacabanasse.fr\/wp-content\/uploads\/2021\/03\/Eglise-2-1024x768.jpg"},{"@type":"BreadcrumbList","@id":"https:\/\/lacabanasse.fr\/vivre-a-la-cabanasse\/leglise\/#breadcrumb","itemListElement":[{"@type":"ListItem","position":1,"name":"Accueil","item":"https:\/\/lacabanasse.fr\/"},{"@type":"ListItem","position":2,"name":"Vivre \u00e0 la Cabanasse","item":"https:\/\/lacabanasse.fr\/vivre-a-la-cabanasse\/"},{"@type":"ListItem","position":3,"name":"L&rsquo;Eglise"}]},{"@type":"WebSite","@id":"https:\/\/lacabanasse.fr\/#website","url":"https:\/\/lacabanasse.fr\/","name":"Ayuntamiento de Cabanasse","description":"Sitio web oficial del Ayuntamiento de La Cabanasse en los Pirineos Orientales","publisher":{"@id":"https:\/\/lacabanasse.fr\/#organization"},"potentialAction":[{"@type":"SearchAction","target":{"@type":"EntryPoint","urlTemplate":"https:\/\/lacabanasse.fr\/?s={search_term_string}"},"query-input":{"@type":"PropertyValueSpecification","valueRequired":true,"valueName":"search_term_string"}}],"inLanguage":"es-ES"},{"@type":"Organization","@id":"https:\/\/lacabanasse.fr\/#organization","name":"Ayuntamiento de Cabanasse","url":"https:\/\/lacabanasse.fr\/","logo":{"@type":"ImageObject","inLanguage":"es-ES","@id":"https:\/\/lacabanasse.fr\/#\/schema\/logo\/image\/","url":"https:\/\/lacabanasse.fr\/wp-content\/uploads\/2021\/03\/cropped-favicon-la-cabanasse.jpg","contentUrl":"https:\/\/lacabanasse.fr\/wp-content\/uploads\/2021\/03\/cropped-favicon-la-cabanasse.jpg","width":512,"height":512,"caption":"Mairie de la Cabanasse"},"image":{"@id":"https:\/\/lacabanasse.fr\/#\/schema\/logo\/image\/"},"sameAs":["https:\/\/www.facebook.com\/lacabanasse66210\/"]}]}},"uagb_featured_image_src":{"full":false,"thumbnail":false,"medium":false,"medium_large":false,"large":false,"gs-tiny":false,"xl":false,"xxl":false,"xxxl":false,"xxxxl":false,"xxxxxl":false,"1536x1536":false,"2048x2048":false,"trp-custom-language-flag":false,"sow-carousel-default":false},"uagb_author_info":{"display_name":"900k","author_link":"https:\/\/lacabanasse.fr\/es\/author\/900k\/"},"uagb_comment_info":0,"uagb_excerpt":"Le b\u00e2timent principal de La Cabanasse est l&rsquo;\u00e9glise paroissiale. Dite \u00e9glise de l&rsquo;Assomption.&nbsp; Elle date du XIXe si\u00e8cle. Elle contient: une Vierge \u00e0 l&rsquo;Enfant de 1557. six statues de Saints XVIIe si\u00e8cle. En 1807 l\u2019\u00e9glise de la Perche n\u2019\u00e9tait que des ruines. Puis La Perche a \u00e9t\u00e9 unie \u00e0 la commune de la Cabanasse. Les&hellip;","_links":{"self":[{"href":"https:\/\/lacabanasse.fr\/es\/wp-json\/wp\/v2\/pages\/639","targetHints":{"allow":["GET"]}}],"collection":[{"href":"https:\/\/lacabanasse.fr\/es\/wp-json\/wp\/v2\/pages"}],"about":[{"href":"https:\/\/lacabanasse.fr\/es\/wp-json\/wp\/v2\/types\/page"}],"author":[{"embeddable":true,"href":"https:\/\/lacabanasse.fr\/es\/wp-json\/wp\/v2\/users\/1"}],"replies":[{"embeddable":true,"href":"https:\/\/lacabanasse.fr\/es\/wp-json\/wp\/v2\/comments?post=639"}],"version-history":[{"count":56,"href":"https:\/\/lacabanasse.fr\/es\/wp-json\/wp\/v2\/pages\/639\/revisions"}],"predecessor-version":[{"id":3698,"href":"https:\/\/lacabanasse.fr\/es\/wp-json\/wp\/v2\/pages\/639\/revisions\/3698"}],"up":[{"embeddable":true,"href":"https:\/\/lacabanasse.fr\/es\/wp-json\/wp\/v2\/pages\/551"}],"wp:attachment":[{"href":"https:\/\/lacabanasse.fr\/es\/wp-json\/wp\/v2\/media?parent=639"}],"curies":[{"name":"gracias","href":"https:\/\/api.w.org\/{rel}","templated":true}]}}